{"id":4564,"date":"2021-08-25T13:20:27","date_gmt":"2021-08-25T13:20:27","guid":{"rendered":"https:\/\/camperelfstedentocht.nl\/ein-guter-zweck\/"},"modified":"2026-02-09T12:21:34","modified_gmt":"2026-02-09T12:21:34","slug":"ein-guter-zweck","status":"publish","type":"page","link":"https:\/\/camperelfstedentocht.nl\/de\/ein-guter-zweck\/","title":{"rendered":"Gute Sache"},"content":{"rendered":"\t\t<div data-elementor-type=\"wp-page\" data-elementor-id=\"4564\" class=\"elementor elementor-4564 elementor-3151\" data-elementor-post-type=\"page\">\n\t\t\t\t<div class=\"elementor-element elementor-element-8ad7958 e-con-full e-flex e-con e-parent\" data-id=\"8ad7958\" data-element_type=\"container\" data-e-type=\"container\" data-settings=\"{&quot;jet_parallax_layout_list&quot;:[]}\">\n\t\t<div class=\"elementor-element elementor-element-823d963 e-con-full e-flex e-con e-child\" data-id=\"823d963\" data-element_type=\"container\" data-e-type=\"container\" data-settings=\"{&quot;jet_parallax_layout_list&quot;:[]}\">\n\t\t\t\t<div class=\"elementor-element elementor-element-b2cefe8 elementor-widget elementor-widget-heading\" data-id=\"b2cefe8\" data-element_type=\"widget\" data-e-type=\"widget\" data-widget_type=\"heading.default\">\n\t\t\t\t\t<h2 class=\"elementor-heading-title elementor-size-default\">Wohlt\u00e4tigkeit unterst\u00fctzen<\/h2>\t\t\t\t<\/div>\n\t\t\t\t<div class=\"elementor-element elementor-element-7a847a7 elementor-widget elementor-widget-heading\" data-id=\"7a847a7\" data-element_type=\"widget\" data-e-type=\"widget\" data-widget_type=\"heading.default\">\n\t\t\t\t\t<h2 class=\"elementor-heading-title elementor-size-default\">Maarten van der weijden Stiftung<\/h2>\t\t\t\t<\/div>\n\t\t\t\t<div class=\"elementor-element elementor-element-71c25e5 elementor-widget elementor-widget-text-editor\" data-id=\"71c25e5\" data-element_type=\"widget\" data-e-type=\"widget\" data-widget_type=\"text-editor.default\">\n\t\t\t\t\t\t\t\t\t<p>Maarten van der Weijden hat im Juli 2017 seine eigene Stiftung, die <a href=\"https:\/\/www.mvdwfoundation.nl\/actie\/camperelfstedentocht-nl-camperroute-door-friesland\" target=\"_blank\" rel=\"noopener\">Maarten van der Weijden Foundation<\/a>, gegr\u00fcndet. Mit dieser Stiftung hofft er, das Leben ehemaliger, aktueller und zuk\u00fcnftiger Krebspatienten zu verbessern. <\/p><p>Das Geld, das die Stiftung sammelt, wird f\u00fcr die wissenschaftliche Krebsforschung und krebsbezogene Projekte verwendet, damit Menschen mit Krebs die richtige Behandlung erhalten. Denn mit der richtigen Behandlung sind die Heilungschancen viel h\u00f6her. <\/p><p>Die Maarten van der Weijden Stiftung ist nat\u00fcrlich untrennbar mit der Elfstedentocht verbunden, nachdem Maarten die Strecke geschwommen ist. Sie m\u00fcssen diese Leistung nicht nachahmen, sondern k\u00f6nnen auch auf diese Weise zur Stiftung beitragen. Wir selbst spenden mit jeder <a href=\"https:\/\/camperelfstedentocht.nl\/de\/so-geht-es\/\" target=\"_blank\" rel=\"noopener\">vollen Stempelkarte<\/a> an die Stiftung. Sie k\u00f6nnen \u00fcber die Website mehr spenden.     <\/p><p>Vergessen Sie nicht, einen Blick auf die Statue von Maarten in Burdaard zu werfen.  <\/p>\t\t\t\t\t\t\t\t<\/div>\n\t\t\t\t<div class=\"elementor-element elementor-element-8e66b6e elementor-widget elementor-widget-image\" data-id=\"8e66b6e\" data-element_type=\"widget\" data-e-type=\"widget\" data-widget_type=\"image.default\">\n\t\t\t\t\t\t\t\t\t\t\t\t\t\t\t\t<a href=\"https:\/\/www.mvdwfoundation.nl\/\" target=\"_blank\">\n\t\t\t\t\t\t\t<img decoding=\"async\" width=\"197\" height=\"131\" src=\"https:\/\/camperelfstedentocht.nl\/wp-content\/uploads\/2021\/06\/MDVW_In-actie-voor.png\" class=\"attachment-full size-full wp-image-4443\" alt=\"\" loading=\"eager\" \/>\t\t\t\t\t\t\t\t<\/a>\n\t\t\t\t\t\t\t\t\t\t\t\t\t\t\t<\/div>\n\t\t\t\t<\/div>\n\t\t<div class=\"elementor-element elementor-element-d4a9df8 e-con-full e-flex e-con e-child\" data-id=\"d4a9df8\" data-element_type=\"container\" data-e-type=\"container\" data-settings=\"{&quot;jet_parallax_layout_list&quot;:[]}\">\n\t\t<div class=\"elementor-element elementor-element-7e02925 e-con-full e-flex e-con e-child\" data-id=\"7e02925\" data-element_type=\"container\" data-e-type=\"container\" data-settings=\"{&quot;background_background&quot;:&quot;classic&quot;,&quot;jet_parallax_layout_list&quot;:[]}\">\n\t\t\t\t<div class=\"elementor-element elementor-element-69b8988 elementor-widget elementor-widget-heading\" data-id=\"69b8988\" data-element_type=\"widget\" data-e-type=\"widget\" data-widget_type=\"heading.default\">\n\t\t\t\t\t<h3 class=\"elementor-heading-title elementor-size-default\">Spenden Sie<\/h3>\t\t\t\t<\/div>\n\t\t\t\t<div class=\"elementor-element elementor-element-3120177 elementor-widget elementor-widget-text-editor\" data-id=\"3120177\" data-element_type=\"widget\" data-e-type=\"widget\" data-widget_type=\"text-editor.default\">\n\t\t\t\t\t\t\t\t\t<p>M\u00f6chten Sie auch f\u00fcr die Maarten van der Weijden Stiftung spenden? Wie cool! Spenden Sie \u00fcber die Schaltfl\u00e4che oder durch Scannen des QR-Codes.  <\/p>\t\t\t\t\t\t\t\t<\/div>\n\t\t\t\t<div class=\"elementor-element elementor-element-7f701b9 elementor-align-left elementor-mobile-align-justify knop elementor-widget elementor-widget-button\" data-id=\"7f701b9\" data-element_type=\"widget\" data-e-type=\"widget\" data-widget_type=\"button.default\">\n\t\t\t\t\t\t\t\t\t\t<a class=\"elementor-button elementor-button-link elementor-size-md\" href=\"https:\/\/www.mvdwfoundation.nl\/actie\/camperelfstedentocht-nl-camperroute-door-friesland\" target=\"_blank\">\n\t\t\t\t\t\t<span class=\"elementor-button-content-wrapper\">\n\t\t\t\t\t\t<span class=\"elementor-button-icon\">\n\t\t\t\t<svg aria-hidden=\"true\" class=\"e-font-icon-svg e-fas-heart\" viewBox=\"0 0 512 512\" xmlns=\"http:\/\/www.w3.org\/2000\/svg\"><path d=\"M462.3 62.6C407.5 15.9 326 24.3 275.7 76.2L256 96.5l-19.7-20.3C186.1 24.3 104.5 15.9 49.7 62.6c-62.8 53.6-66.1 149.8-9.9 207.9l193.5 199.8c12.5 12.9 32.8 12.9 45.3 0l193.5-199.8c56.3-58.1 53-154.3-9.8-207.9z\"><\/path><\/svg>\t\t\t<\/span>\n\t\t\t\t\t\t\t\t\t<span class=\"elementor-button-text\">Spenden Sie<\/span>\n\t\t\t\t\t<\/span>\n\t\t\t\t\t<\/a>\n\t\t\t\t\t\t\t\t<\/div>\n\t\t\t\t<div class=\"elementor-element elementor-element-0762bb1 elementor-widget elementor-widget-image\" data-id=\"0762bb1\" data-element_type=\"widget\" data-e-type=\"widget\" data-widget_type=\"image.default\">\n\t\t\t\t\t\t\t\t\t\t\t\t\t\t\t<img fetchpriority=\"high\" decoding=\"async\" width=\"1127\" height=\"1314\" src=\"https:\/\/camperelfstedentocht.nl\/wp-content\/uploads\/2021\/07\/Doneren-QR-Code-4.png\" class=\"attachment-full size-full wp-image-4461\" alt=\"\" srcset=\"https:\/\/camperelfstedentocht.nl\/wp-content\/uploads\/2021\/07\/Doneren-QR-Code-4.png 1127w, https:\/\/camperelfstedentocht.nl\/wp-content\/uploads\/2021\/07\/Doneren-QR-Code-4-257x300.png 257w, https:\/\/camperelfstedentocht.nl\/wp-content\/uploads\/2021\/07\/Doneren-QR-Code-4-878x1024.png 878w, https:\/\/camperelfstedentocht.nl\/wp-content\/uploads\/2021\/07\/Doneren-QR-Code-4-768x895.png 768w\" sizes=\"(max-width: 1127px) 100vw, 1127px\" loading=\"eager\" \/>\t\t\t\t\t\t\t\t\t\t\t\t\t\t\t<\/div>\n\t\t\t\t<\/div>\n\t\t\t\t<\/div>\n\t\t\t\t<\/div>\n\t\t\t\t<\/div>\n\t\t","protected":false},"excerpt":{"rendered":"<p>Wohlt\u00e4tigkeit unterst\u00fctzen Maarten van der weijden Stiftung Maarten van der Weijden hat im Juli 2017 seine eigene Stiftung, die Maarten van der Weijden Foundation, gegr\u00fcndet. Mit dieser Stiftung hofft er, das Leben ehemaliger, aktueller und zuk\u00fcnftiger Krebspatienten zu verbessern. Das Geld, das die Stiftung sammelt, wird f\u00fcr die wissenschaftliche Krebsforschung und krebsbezogene Projekte verwendet, damit [&hellip;]<\/p>\n","protected":false},"author":1,"featured_media":6394,"parent":0,"menu_order":0,"comment_status":"closed","ping_status":"closed","template":"","meta":{"footnotes":""},"class_list":["post-4564","page","type-page","status-publish","has-post-thumbnail","hentry"],"yoast_head":"<!-- This site is optimized with the Yoast SEO plugin v27.4 - https:\/\/yoast.com\/product\/yoast-seo-wordpress\/ -->\n<title>Spenden Sie an die Maarten van der Weijden Stiftung<\/title>\n<meta name=\"description\" content=\"Die Maarten van der Weijden Stiftung hat das Ziel, das Leben von Krebspatienten zu verbessern. Spenden Sie nach der Elfstedentocht an die Stiftung.\" \/>\n<meta name=\"robots\" content=\"index, follow, max-snippet:-1, max-image-preview:large, max-video-preview:-1\" \/>\n<link rel=\"canonical\" href=\"https:\/\/camperelfstedentocht.nl\/de\/ein-guter-zweck\/\" \/>\n<meta property=\"og:locale\" content=\"de_DE\" \/>\n<meta property=\"og:type\" content=\"article\" \/>\n<meta property=\"og:title\" content=\"Spenden Sie an die Maarten van der Weijden Stiftung\" \/>\n<meta property=\"og:description\" content=\"Die Maarten van der Weijden Stiftung hat das Ziel, das Leben von Krebspatienten zu verbessern. Spenden Sie nach der Elfstedentocht an die Stiftung.\" \/>\n<meta property=\"og:url\" content=\"https:\/\/camperelfstedentocht.nl\/de\/ein-guter-zweck\/\" \/>\n<meta property=\"og:site_name\" content=\"Camperelfstedentocht\" \/>\n<meta property=\"article:modified_time\" content=\"2026-02-09T12:21:34+00:00\" \/>\n<meta property=\"og:image\" content=\"https:\/\/camperelfstedentocht.nl\/wp-content\/uploads\/2021\/10\/Burdaard-Maarten-van-der-Weijden-beeld-molen-Elfstedentocht-e1634988710524.jpg\" \/>\n\t<meta property=\"og:image:width\" content=\"2500\" \/>\n\t<meta property=\"og:image:height\" content=\"1666\" \/>\n\t<meta property=\"og:image:type\" content=\"image\/jpeg\" \/>\n<meta name=\"twitter:card\" content=\"summary_large_image\" \/>\n<meta name=\"twitter:label1\" content=\"Gesch\u00e4tzte Lesezeit\" \/>\n\t<meta name=\"twitter:data1\" content=\"2\u00a0Minuten\" \/>\n<script type=\"application\/ld+json\" class=\"yoast-schema-graph\">{\"@context\":\"https:\\\/\\\/schema.org\",\"@graph\":[{\"@type\":\"WebPage\",\"@id\":\"https:\\\/\\\/camperelfstedentocht.nl\\\/de\\\/ein-guter-zweck\\\/\",\"url\":\"https:\\\/\\\/camperelfstedentocht.nl\\\/de\\\/ein-guter-zweck\\\/\",\"name\":\"Spenden Sie an die Maarten van der Weijden Stiftung\",\"isPartOf\":{\"@id\":\"https:\\\/\\\/camperelfstedentocht.nl\\\/de\\\/#website\"},\"primaryImageOfPage\":{\"@id\":\"https:\\\/\\\/camperelfstedentocht.nl\\\/de\\\/ein-guter-zweck\\\/#primaryimage\"},\"image\":{\"@id\":\"https:\\\/\\\/camperelfstedentocht.nl\\\/de\\\/ein-guter-zweck\\\/#primaryimage\"},\"thumbnailUrl\":\"https:\\\/\\\/camperelfstedentocht.nl\\\/wp-content\\\/uploads\\\/2021\\\/10\\\/Burdaard-Maarten-van-der-Weijden-beeld-molen-Elfstedentocht-e1634988710524.jpg\",\"datePublished\":\"2021-08-25T13:20:27+00:00\",\"dateModified\":\"2026-02-09T12:21:34+00:00\",\"description\":\"Die Maarten van der Weijden Stiftung hat das Ziel, das Leben von Krebspatienten zu verbessern. Spenden Sie nach der Elfstedentocht an die Stiftung.\",\"breadcrumb\":{\"@id\":\"https:\\\/\\\/camperelfstedentocht.nl\\\/de\\\/ein-guter-zweck\\\/#breadcrumb\"},\"inLanguage\":\"de\",\"potentialAction\":[{\"@type\":\"ReadAction\",\"target\":[\"https:\\\/\\\/camperelfstedentocht.nl\\\/de\\\/ein-guter-zweck\\\/\"]}]},{\"@type\":\"ImageObject\",\"inLanguage\":\"de\",\"@id\":\"https:\\\/\\\/camperelfstedentocht.nl\\\/de\\\/ein-guter-zweck\\\/#primaryimage\",\"url\":\"https:\\\/\\\/camperelfstedentocht.nl\\\/wp-content\\\/uploads\\\/2021\\\/10\\\/Burdaard-Maarten-van-der-Weijden-beeld-molen-Elfstedentocht-e1634988710524.jpg\",\"contentUrl\":\"https:\\\/\\\/camperelfstedentocht.nl\\\/wp-content\\\/uploads\\\/2021\\\/10\\\/Burdaard-Maarten-van-der-Weijden-beeld-molen-Elfstedentocht-e1634988710524.jpg\",\"width\":2500,\"height\":1666,\"caption\":\"Maarten van der Weijden Stiftung - Wohlt\u00e4tigkeit\"},{\"@type\":\"BreadcrumbList\",\"@id\":\"https:\\\/\\\/camperelfstedentocht.nl\\\/de\\\/ein-guter-zweck\\\/#breadcrumb\",\"itemListElement\":[{\"@type\":\"ListItem\",\"position\":1,\"name\":\"Home\",\"item\":\"https:\\\/\\\/camperelfstedentocht.nl\\\/de\\\/\"},{\"@type\":\"ListItem\",\"position\":2,\"name\":\"Gute Sache\"}]},{\"@type\":\"WebSite\",\"@id\":\"https:\\\/\\\/camperelfstedentocht.nl\\\/de\\\/#website\",\"url\":\"https:\\\/\\\/camperelfstedentocht.nl\\\/de\\\/\",\"name\":\"Camperelfstedentocht\",\"description\":\"De tocht der tochten, gewoon met de camper!\",\"publisher\":{\"@id\":\"https:\\\/\\\/camperelfstedentocht.nl\\\/de\\\/#organization\"},\"potentialAction\":[{\"@type\":\"SearchAction\",\"target\":{\"@type\":\"EntryPoint\",\"urlTemplate\":\"https:\\\/\\\/camperelfstedentocht.nl\\\/de\\\/?s={search_term_string}\"},\"query-input\":{\"@type\":\"PropertyValueSpecification\",\"valueRequired\":true,\"valueName\":\"search_term_string\"}}],\"inLanguage\":\"de\"},{\"@type\":\"Organization\",\"@id\":\"https:\\\/\\\/camperelfstedentocht.nl\\\/de\\\/#organization\",\"name\":\"Camperelfstedentocht\",\"url\":\"https:\\\/\\\/camperelfstedentocht.nl\\\/de\\\/\",\"logo\":{\"@type\":\"ImageObject\",\"inLanguage\":\"de\",\"@id\":\"https:\\\/\\\/camperelfstedentocht.nl\\\/de\\\/#\\\/schema\\\/logo\\\/image\\\/\",\"url\":\"https:\\\/\\\/camperelfstedentocht.nl\\\/wp-content\\\/uploads\\\/2020\\\/10\\\/Logo-1.png\",\"contentUrl\":\"https:\\\/\\\/camperelfstedentocht.nl\\\/wp-content\\\/uploads\\\/2020\\\/10\\\/Logo-1.png\",\"width\":1418,\"height\":659,\"caption\":\"Camperelfstedentocht\"},\"image\":{\"@id\":\"https:\\\/\\\/camperelfstedentocht.nl\\\/de\\\/#\\\/schema\\\/logo\\\/image\\\/\"}}]}<\/script>\n<!-- \/ Yoast SEO plugin. -->","yoast_head_json":{"title":"Spenden Sie an die Maarten van der Weijden Stiftung","description":"Die Maarten van der Weijden Stiftung hat das Ziel, das Leben von Krebspatienten zu verbessern. Spenden Sie nach der Elfstedentocht an die Stiftung.","robots":{"index":"index","follow":"follow","max-snippet":"max-snippet:-1","max-image-preview":"max-image-preview:large","max-video-preview":"max-video-preview:-1"},"canonical":"https:\/\/camperelfstedentocht.nl\/de\/ein-guter-zweck\/","og_locale":"de_DE","og_type":"article","og_title":"Spenden Sie an die Maarten van der Weijden Stiftung","og_description":"Die Maarten van der Weijden Stiftung hat das Ziel, das Leben von Krebspatienten zu verbessern. Spenden Sie nach der Elfstedentocht an die Stiftung.","og_url":"https:\/\/camperelfstedentocht.nl\/de\/ein-guter-zweck\/","og_site_name":"Camperelfstedentocht","article_modified_time":"2026-02-09T12:21:34+00:00","og_image":[{"width":2500,"height":1666,"url":"https:\/\/camperelfstedentocht.nl\/wp-content\/uploads\/2021\/10\/Burdaard-Maarten-van-der-Weijden-beeld-molen-Elfstedentocht-e1634988710524.jpg","type":"image\/jpeg"}],"twitter_card":"summary_large_image","twitter_misc":{"Gesch\u00e4tzte Lesezeit":"2\u00a0Minuten"},"schema":{"@context":"https:\/\/schema.org","@graph":[{"@type":"WebPage","@id":"https:\/\/camperelfstedentocht.nl\/de\/ein-guter-zweck\/","url":"https:\/\/camperelfstedentocht.nl\/de\/ein-guter-zweck\/","name":"Spenden Sie an die Maarten van der Weijden Stiftung","isPartOf":{"@id":"https:\/\/camperelfstedentocht.nl\/de\/#website"},"primaryImageOfPage":{"@id":"https:\/\/camperelfstedentocht.nl\/de\/ein-guter-zweck\/#primaryimage"},"image":{"@id":"https:\/\/camperelfstedentocht.nl\/de\/ein-guter-zweck\/#primaryimage"},"thumbnailUrl":"https:\/\/camperelfstedentocht.nl\/wp-content\/uploads\/2021\/10\/Burdaard-Maarten-van-der-Weijden-beeld-molen-Elfstedentocht-e1634988710524.jpg","datePublished":"2021-08-25T13:20:27+00:00","dateModified":"2026-02-09T12:21:34+00:00","description":"Die Maarten van der Weijden Stiftung hat das Ziel, das Leben von Krebspatienten zu verbessern. Spenden Sie nach der Elfstedentocht an die Stiftung.","breadcrumb":{"@id":"https:\/\/camperelfstedentocht.nl\/de\/ein-guter-zweck\/#breadcrumb"},"inLanguage":"de","potentialAction":[{"@type":"ReadAction","target":["https:\/\/camperelfstedentocht.nl\/de\/ein-guter-zweck\/"]}]},{"@type":"ImageObject","inLanguage":"de","@id":"https:\/\/camperelfstedentocht.nl\/de\/ein-guter-zweck\/#primaryimage","url":"https:\/\/camperelfstedentocht.nl\/wp-content\/uploads\/2021\/10\/Burdaard-Maarten-van-der-Weijden-beeld-molen-Elfstedentocht-e1634988710524.jpg","contentUrl":"https:\/\/camperelfstedentocht.nl\/wp-content\/uploads\/2021\/10\/Burdaard-Maarten-van-der-Weijden-beeld-molen-Elfstedentocht-e1634988710524.jpg","width":2500,"height":1666,"caption":"Maarten van der Weijden Stiftung - Wohlt\u00e4tigkeit"},{"@type":"BreadcrumbList","@id":"https:\/\/camperelfstedentocht.nl\/de\/ein-guter-zweck\/#breadcrumb","itemListElement":[{"@type":"ListItem","position":1,"name":"Home","item":"https:\/\/camperelfstedentocht.nl\/de\/"},{"@type":"ListItem","position":2,"name":"Gute Sache"}]},{"@type":"WebSite","@id":"https:\/\/camperelfstedentocht.nl\/de\/#website","url":"https:\/\/camperelfstedentocht.nl\/de\/","name":"Camperelfstedentocht","description":"De tocht der tochten, gewoon met de camper!","publisher":{"@id":"https:\/\/camperelfstedentocht.nl\/de\/#organization"},"potentialAction":[{"@type":"SearchAction","target":{"@type":"EntryPoint","urlTemplate":"https:\/\/camperelfstedentocht.nl\/de\/?s={search_term_string}"},"query-input":{"@type":"PropertyValueSpecification","valueRequired":true,"valueName":"search_term_string"}}],"inLanguage":"de"},{"@type":"Organization","@id":"https:\/\/camperelfstedentocht.nl\/de\/#organization","name":"Camperelfstedentocht","url":"https:\/\/camperelfstedentocht.nl\/de\/","logo":{"@type":"ImageObject","inLanguage":"de","@id":"https:\/\/camperelfstedentocht.nl\/de\/#\/schema\/logo\/image\/","url":"https:\/\/camperelfstedentocht.nl\/wp-content\/uploads\/2020\/10\/Logo-1.png","contentUrl":"https:\/\/camperelfstedentocht.nl\/wp-content\/uploads\/2020\/10\/Logo-1.png","width":1418,"height":659,"caption":"Camperelfstedentocht"},"image":{"@id":"https:\/\/camperelfstedentocht.nl\/de\/#\/schema\/logo\/image\/"}}]}},"_links":{"self":[{"href":"https:\/\/camperelfstedentocht.nl\/de\/wp-json\/wp\/v2\/pages\/4564","targetHints":{"allow":["GET"]}}],"collection":[{"href":"https:\/\/camperelfstedentocht.nl\/de\/wp-json\/wp\/v2\/pages"}],"about":[{"href":"https:\/\/camperelfstedentocht.nl\/de\/wp-json\/wp\/v2\/types\/page"}],"author":[{"embeddable":true,"href":"https:\/\/camperelfstedentocht.nl\/de\/wp-json\/wp\/v2\/users\/1"}],"replies":[{"embeddable":true,"href":"https:\/\/camperelfstedentocht.nl\/de\/wp-json\/wp\/v2\/comments?post=4564"}],"version-history":[{"count":0,"href":"https:\/\/camperelfstedentocht.nl\/de\/wp-json\/wp\/v2\/pages\/4564\/revisions"}],"wp:featuredmedia":[{"embeddable":true,"href":"https:\/\/camperelfstedentocht.nl\/de\/wp-json\/wp\/v2\/media\/6394"}],"wp:attachment":[{"href":"https:\/\/camperelfstedentocht.nl\/de\/wp-json\/wp\/v2\/media?parent=4564"}],"curies":[{"name":"wp","href":"https:\/\/api.w.org\/{rel}","templated":true}]}}